{"id":1512,"date":"2021-12-12T18:52:51","date_gmt":"2021-12-12T18:52:51","guid":{"rendered":"https:\/\/selid.efos-europa.eu\/?page_id=1512"},"modified":"2022-04-01T12:33:06","modified_gmt":"2022-04-01T12:33:06","slug":"alicante-projekttagung","status":"publish","type":"page","link":"https:\/\/selid.efos-europa.eu\/?page_id=1512&lang=de","title":{"rendered":"Alicante Projekttagung"},"content":{"rendered":"\n<p>Vom 1. &#8211; 4. Dezember trafen sich die Partner in Alicante zu einem Projekttreffen. Wegen versch\u00e4rfter Coronamassnahmen konnten einige Partner nur online teilnehmen.<\/p>\n\n\n\n<div class=\"wp-block-image\"><figure class=\"aligncenter size-large is-resized\"><img decoding=\"async\" src=\"https:\/\/selid.efos-europa.eu\/wp-content\/uploads\/2021\/12\/Alicante-2021-01-1-1024x768.jpg\" alt=\"\" class=\"wp-image-1538\" width=\"600\" srcset=\"https:\/\/selid.efos-europa.eu\/wp-content\/uploads\/2021\/12\/Alicante-2021-01-1-1024x768.jpg 1024w, https:\/\/selid.efos-europa.eu\/wp-content\/uploads\/2021\/12\/Alicante-2021-01-1-300x225.jpg 300w, https:\/\/selid.efos-europa.eu\/wp-content\/uploads\/2021\/12\/Alicante-2021-01-1-768x576.jpg 768w, https:\/\/selid.efos-europa.eu\/wp-content\/uploads\/2021\/12\/Alicante-2021-01-1-1536x1152.jpg 1536w, https:\/\/selid.efos-europa.eu\/wp-content\/uploads\/2021\/12\/Alicante-2021-01-1-2048x1536.jpg 2048w\" sizes=\"(max-width: 1024px) 100vw, 1024px\" \/><\/figure><\/div>\n\n\n\n<h4>  Themen:<\/h4>\n\n\n\n<ul><li>Deadlines vom transnationalen Projekttreffen in Dresden<\/li><li>Zusammenfassung der Dokumente und Arbeiten, die von den Partnern w\u00e4hrend des Projekts von 2019 \u2013 2021 realisiert wurden<\/li><li><em>Projektpl\u00e4ne f\u00fcr das Jahr 2021\/22<\/em>, Zeitplan, pers\u00f6nliche Aufgaben derPartner.<\/li><li><em>Verbreitung des Projekts<\/em> \u2013Newsletter, Website, Projekt-Newsletter Nr. 4<\/li><\/ul>\n\n\n\n<ul><li><em>Podiumsdiskussion<\/em> \u2013 <strong>\u00c4ltere Erwachsene<\/strong> onlineunterrichten \u2013 <strong>Lehrer <\/strong>und IT-Techniker.<\/li><li><em>Projekt Booklet<\/em><strong> <\/strong>(A13) <strong>&nbsp;<\/strong>\u2013 <strong>Vorstellung des ersten <\/strong>Entwurfs, <strong>&nbsp;<\/strong>Inhalt,<\/li><li><strong>Studie zu ICT \/ <\/strong>DT Lernm\u00f6glichkeiten (A2)<\/li><li><strong>Kurse zu<\/strong> ICT\/DT<strong> in den<\/strong> Partnerinstitutionen<strong> vor der Pandemie und<\/strong> neue, von der Pandemie beeinflusste Kurse.Auswertung der Untersuchungen.Bew\u00e4hrte Verfahren.<\/li><li>Zusammenfassung und Schlussfolgerungen, Projektergebnisse.<\/li><\/ul>\n\n\n\n<ul><li><strong>Workshop: <sub>&nbsp;<\/sub><em>&#8220;Bed\u00fcrfnisse und W\u00fcnsche \u00e4lterer Menschen in der digitalen Gesellschaft.Internet der Dinge, soziale Medien und digitale Sicherheit&#8221;.<\/em><\/strong>&nbsp;J.Ramon Belda<strong><sub> <\/sub><\/strong>(Teilen von Erfahrungen aus den Projektaktivit\u00e4ten und Ergebnissen aus der Bildung, Ausbildung und Nutzung digitaler Technologien im t\u00e4glichen Leben.)&nbsp;<\/li><li>Beste Praktiken der Projektpartner:<ul><li><strong>Bratislava<\/strong>: <strong><sub>&nbsp;<\/sub><\/strong>Marketing online &#8211; neues Fach f\u00fcr Seniorstudenten an der UTA, <strong><sub>&nbsp;&nbsp;&nbsp;&nbsp;&nbsp;<\/sub><\/strong><em>Tatiana Ilavska, Comenius Universit\u00e4t Bratislava<\/em><\/li><li><strong>Br\u00fcnn:<\/strong>&nbsp;Erfahrung \u00fcber das SeLiD-Projekt<em>&nbsp;&nbsp;&nbsp;&nbsp;&nbsp;&nbsp;&nbsp;&nbsp;&nbsp;&nbsp;&nbsp;&nbsp;&nbsp;&nbsp;Shrom\u00e1\u017edilov\u00e1<\/em><strong><sub>,<\/sub><\/strong><em>Vojkuvka<\/em><\/li><li><strong>Breslau:<\/strong> 45 Jahre Senior Learning an der Universit\u00e4t in Breslau,  <em>Anja Gozdowski<\/em> <\/li><li><strong>Alicante:<\/strong> Digitale F\u00e4higkeiten von Senioren, die an der Permanent Universit\u00e4t der Universit\u00e4t Alicante verwendet werden<\/li><li><strong>Dresden<\/strong>: Special Topics in der Seniorenbildung <strong><sub>(<\/sub><\/strong>Telemedizin und Banking)???<\/li><li><strong>Magdeburg<\/strong>:<\/li><li><strong>Uppsala<\/strong>:&nbsp;Neue Gruppen von Senioren, die in das Lernen einbezogen werden. Wie man Menschen ermutigt. ??<\/li><li><strong>Chemnitz:<\/strong><\/li><\/ul><\/li><\/ul>\n\n\n\n<figure class=\"is-layout-flex wp-block-gallery-1 wp-block-gallery columns-7 is-cropped\"><ul class=\"blocks-gallery-grid\"><li class=\"blocks-gallery-item\"><figure><a href=\"https:\/\/selid.efos-europa.eu\/wp-content\/uploads\/2021\/12\/Alicante-2021-01-1.jpg\"><img decoding=\"async\" loading=\"lazy\" width=\"1024\" height=\"768\" src=\"https:\/\/selid.efos-europa.eu\/wp-content\/uploads\/2021\/12\/Alicante-2021-01-1-1024x768.jpg\" alt=\"\" data-id=\"1538\" data-full-url=\"https:\/\/selid.efos-europa.eu\/wp-content\/uploads\/2021\/12\/Alicante-2021-01-1.jpg\" data-link=\"https:\/\/selid.efos-europa.eu\/?attachment_id=1538\" class=\"wp-image-1538\" srcset=\"https:\/\/selid.efos-europa.eu\/wp-content\/uploads\/2021\/12\/Alicante-2021-01-1-1024x768.jpg 1024w, https:\/\/selid.efos-europa.eu\/wp-content\/uploads\/2021\/12\/Alicante-2021-01-1-300x225.jpg 300w, https:\/\/selid.efos-europa.eu\/wp-content\/uploads\/2021\/12\/Alicante-2021-01-1-768x576.jpg 768w, https:\/\/selid.efos-europa.eu\/wp-content\/uploads\/2021\/12\/Alicante-2021-01-1-1536x1152.jpg 1536w, https:\/\/selid.efos-europa.eu\/wp-content\/uploads\/2021\/12\/Alicante-2021-01-1-2048x1536.jpg 2048w\" sizes=\"(max-width: 1024px) 100vw, 1024px\" \/><\/a><figcaption class=\"blocks-gallery-item__caption\"> <\/figcaption><\/figure><\/li><li class=\"blocks-gallery-item\"><figure><a href=\"https:\/\/selid.efos-europa.eu\/wp-content\/uploads\/2021\/12\/Alicante-2021-17-1.jpg\"><img decoding=\"async\" loading=\"lazy\" width=\"1024\" height=\"768\" src=\"https:\/\/selid.efos-europa.eu\/wp-content\/uploads\/2021\/12\/Alicante-2021-17-1-1024x768.jpg\" alt=\"\" data-id=\"1571\" data-full-url=\"https:\/\/selid.efos-europa.eu\/wp-content\/uploads\/2021\/12\/Alicante-2021-17-1.jpg\" data-link=\"https:\/\/selid.efos-europa.eu\/?attachment_id=1571&amp;lang=de\" class=\"wp-image-1571\" srcset=\"https:\/\/selid.efos-europa.eu\/wp-content\/uploads\/2021\/12\/Alicante-2021-17-1-1024x768.jpg 1024w, https:\/\/selid.efos-europa.eu\/wp-content\/uploads\/2021\/12\/Alicante-2021-17-1-300x225.jpg 300w, https:\/\/selid.efos-europa.eu\/wp-content\/uploads\/2021\/12\/Alicante-2021-17-1-768x576.jpg 768w, https:\/\/selid.efos-europa.eu\/wp-content\/uploads\/2021\/12\/Alicante-2021-17-1-1536x1152.jpg 1536w, https:\/\/selid.efos-europa.eu\/wp-content\/uploads\/2021\/12\/Alicante-2021-17-1-2048x1536.jpg 2048w\" sizes=\"(max-width: 1024px) 100vw, 1024px\" \/><\/a><\/figure><\/li><li class=\"blocks-gallery-item\"><figure><a href=\"https:\/\/selid.efos-europa.eu\/wp-content\/uploads\/2021\/12\/Alicante-2021-19-1.jpg\"><img decoding=\"async\" loading=\"lazy\" width=\"1024\" height=\"768\" src=\"https:\/\/selid.efos-europa.eu\/wp-content\/uploads\/2021\/12\/Alicante-2021-19-1-1024x768.jpg\" alt=\"\" data-id=\"1573\" data-full-url=\"https:\/\/selid.efos-europa.eu\/wp-content\/uploads\/2021\/12\/Alicante-2021-19-1.jpg\" data-link=\"https:\/\/selid.efos-europa.eu\/?attachment_id=1573&amp;lang=de\" class=\"wp-image-1573\" srcset=\"https:\/\/selid.efos-europa.eu\/wp-content\/uploads\/2021\/12\/Alicante-2021-19-1-1024x768.jpg 1024w, https:\/\/selid.efos-europa.eu\/wp-content\/uploads\/2021\/12\/Alicante-2021-19-1-300x225.jpg 300w, https:\/\/selid.efos-europa.eu\/wp-content\/uploads\/2021\/12\/Alicante-2021-19-1-768x576.jpg 768w, https:\/\/selid.efos-europa.eu\/wp-content\/uploads\/2021\/12\/Alicante-2021-19-1-1536x1152.jpg 1536w, https:\/\/selid.efos-europa.eu\/wp-content\/uploads\/2021\/12\/Alicante-2021-19-1-2048x1536.jpg 2048w\" sizes=\"(max-width: 1024px) 100vw, 1024px\" \/><\/a><\/figure><\/li><li class=\"blocks-gallery-item\"><figure><a href=\"https:\/\/selid.efos-europa.eu\/wp-content\/uploads\/2021\/12\/Alicante-2021-02-1.jpg\"><img decoding=\"async\" loading=\"lazy\" width=\"1024\" height=\"853\" src=\"https:\/\/selid.efos-europa.eu\/wp-content\/uploads\/2021\/12\/Alicante-2021-02-1-1024x853.jpg\" alt=\"\" data-id=\"1539\" data-full-url=\"https:\/\/selid.efos-europa.eu\/wp-content\/uploads\/2021\/12\/Alicante-2021-02-1.jpg\" data-link=\"https:\/\/selid.efos-europa.eu\/?attachment_id=1539\" class=\"wp-image-1539\" srcset=\"https:\/\/selid.efos-europa.eu\/wp-content\/uploads\/2021\/12\/Alicante-2021-02-1-1024x853.jpg 1024w, https:\/\/selid.efos-europa.eu\/wp-content\/uploads\/2021\/12\/Alicante-2021-02-1-300x250.jpg 300w, https:\/\/selid.efos-europa.eu\/wp-content\/uploads\/2021\/12\/Alicante-2021-02-1-768x640.jpg 768w, https:\/\/selid.efos-europa.eu\/wp-content\/uploads\/2021\/12\/Alicante-2021-02-1-1536x1280.jpg 1536w, https:\/\/selid.efos-europa.eu\/wp-content\/uploads\/2021\/12\/Alicante-2021-02-1-2048x1707.jpg 2048w\" sizes=\"(max-width: 1024px) 100vw, 1024px\" \/><\/a><figcaption class=\"blocks-gallery-item__caption\"> <\/figcaption><\/figure><\/li><li class=\"blocks-gallery-item\"><figure><a href=\"https:\/\/selid.efos-europa.eu\/wp-content\/uploads\/2021\/12\/Alicante-2021-03-1.jpg\"><img decoding=\"async\" loading=\"lazy\" width=\"1024\" height=\"768\" src=\"https:\/\/selid.efos-europa.eu\/wp-content\/uploads\/2021\/12\/Alicante-2021-03-1-1024x768.jpg\" alt=\"\" data-id=\"1540\" data-full-url=\"https:\/\/selid.efos-europa.eu\/wp-content\/uploads\/2021\/12\/Alicante-2021-03-1.jpg\" data-link=\"https:\/\/selid.efos-europa.eu\/?attachment_id=1540\" class=\"wp-image-1540\" srcset=\"https:\/\/selid.efos-europa.eu\/wp-content\/uploads\/2021\/12\/Alicante-2021-03-1-1024x768.jpg 1024w, https:\/\/selid.efos-europa.eu\/wp-content\/uploads\/2021\/12\/Alicante-2021-03-1-300x225.jpg 300w, https:\/\/selid.efos-europa.eu\/wp-content\/uploads\/2021\/12\/Alicante-2021-03-1-768x576.jpg 768w, https:\/\/selid.efos-europa.eu\/wp-content\/uploads\/2021\/12\/Alicante-2021-03-1-1536x1152.jpg 1536w, https:\/\/selid.efos-europa.eu\/wp-content\/uploads\/2021\/12\/Alicante-2021-03-1-2048x1536.jpg 2048w\" sizes=\"(max-width: 1024px) 100vw, 1024px\" \/><\/a><figcaption class=\"blocks-gallery-item__caption\"> <\/figcaption><\/figure><\/li><li class=\"blocks-gallery-item\"><figure><a href=\"https:\/\/selid.efos-europa.eu\/wp-content\/uploads\/2021\/12\/Alicante-2021-04-1.jpg\"><img decoding=\"async\" loading=\"lazy\" width=\"1024\" height=\"768\" src=\"https:\/\/selid.efos-europa.eu\/wp-content\/uploads\/2021\/12\/Alicante-2021-04-1-1024x768.jpg\" alt=\"\" data-id=\"1541\" data-full-url=\"https:\/\/selid.efos-europa.eu\/wp-content\/uploads\/2021\/12\/Alicante-2021-04-1.jpg\" data-link=\"https:\/\/selid.efos-europa.eu\/?attachment_id=1541\" class=\"wp-image-1541\" srcset=\"https:\/\/selid.efos-europa.eu\/wp-content\/uploads\/2021\/12\/Alicante-2021-04-1-1024x768.jpg 1024w, https:\/\/selid.efos-europa.eu\/wp-content\/uploads\/2021\/12\/Alicante-2021-04-1-300x225.jpg 300w, https:\/\/selid.efos-europa.eu\/wp-content\/uploads\/2021\/12\/Alicante-2021-04-1-768x576.jpg 768w, https:\/\/selid.efos-europa.eu\/wp-content\/uploads\/2021\/12\/Alicante-2021-04-1-1536x1152.jpg 1536w, https:\/\/selid.efos-europa.eu\/wp-content\/uploads\/2021\/12\/Alicante-2021-04-1-2048x1536.jpg 2048w\" sizes=\"(max-width: 1024px) 100vw, 1024px\" \/><\/a><figcaption class=\"blocks-gallery-item__caption\"> <\/figcaption><\/figure><\/li><li class=\"blocks-gallery-item\"><figure><a href=\"https:\/\/selid.efos-europa.eu\/wp-content\/uploads\/2021\/12\/Alicante-2021-18-1.jpg\"><img decoding=\"async\" loading=\"lazy\" width=\"1024\" height=\"768\" src=\"https:\/\/selid.efos-europa.eu\/wp-content\/uploads\/2021\/12\/Alicante-2021-18-1-1024x768.jpg\" alt=\"\" data-id=\"1572\" data-full-url=\"https:\/\/selid.efos-europa.eu\/wp-content\/uploads\/2021\/12\/Alicante-2021-18-1.jpg\" data-link=\"https:\/\/selid.efos-europa.eu\/?attachment_id=1572&amp;lang=de\" class=\"wp-image-1572\" srcset=\"https:\/\/selid.efos-europa.eu\/wp-content\/uploads\/2021\/12\/Alicante-2021-18-1-1024x768.jpg 1024w, https:\/\/selid.efos-europa.eu\/wp-content\/uploads\/2021\/12\/Alicante-2021-18-1-300x225.jpg 300w, https:\/\/selid.efos-europa.eu\/wp-content\/uploads\/2021\/12\/Alicante-2021-18-1-768x576.jpg 768w, https:\/\/selid.efos-europa.eu\/wp-content\/uploads\/2021\/12\/Alicante-2021-18-1-1536x1152.jpg 1536w, https:\/\/selid.efos-europa.eu\/wp-content\/uploads\/2021\/12\/Alicante-2021-18-1-2048x1536.jpg 2048w\" sizes=\"(max-width: 1024px) 100vw, 1024px\" \/><\/a><\/figure><\/li><li class=\"blocks-gallery-item\"><figure><a href=\"https:\/\/selid.efos-europa.eu\/wp-content\/uploads\/2021\/12\/Alicante-2021-05-1.jpg\"><img decoding=\"async\" loading=\"lazy\" width=\"1024\" height=\"768\" src=\"https:\/\/selid.efos-europa.eu\/wp-content\/uploads\/2021\/12\/Alicante-2021-05-1-1024x768.jpg\" alt=\"\" data-id=\"1542\" data-full-url=\"https:\/\/selid.efos-europa.eu\/wp-content\/uploads\/2021\/12\/Alicante-2021-05-1.jpg\" data-link=\"https:\/\/selid.efos-europa.eu\/?attachment_id=1542\" class=\"wp-image-1542\" srcset=\"https:\/\/selid.efos-europa.eu\/wp-content\/uploads\/2021\/12\/Alicante-2021-05-1-1024x768.jpg 1024w, https:\/\/selid.efos-europa.eu\/wp-content\/uploads\/2021\/12\/Alicante-2021-05-1-300x225.jpg 300w, https:\/\/selid.efos-europa.eu\/wp-content\/uploads\/2021\/12\/Alicante-2021-05-1-768x576.jpg 768w, https:\/\/selid.efos-europa.eu\/wp-content\/uploads\/2021\/12\/Alicante-2021-05-1-1536x1152.jpg 1536w, https:\/\/selid.efos-europa.eu\/wp-content\/uploads\/2021\/12\/Alicante-2021-05-1.jpg 2048w\" sizes=\"(max-width: 1024px) 100vw, 1024px\" \/><\/a><\/figure><\/li><li class=\"blocks-gallery-item\"><figure><a href=\"https:\/\/selid.efos-europa.eu\/wp-content\/uploads\/2021\/12\/Alicante-2021-07-1.jpg\"><img decoding=\"async\" loading=\"lazy\" width=\"1024\" height=\"768\" src=\"https:\/\/selid.efos-europa.eu\/wp-content\/uploads\/2021\/12\/Alicante-2021-07-1-1024x768.jpg\" alt=\"\" data-id=\"1543\" data-full-url=\"https:\/\/selid.efos-europa.eu\/wp-content\/uploads\/2021\/12\/Alicante-2021-07-1.jpg\" data-link=\"https:\/\/selid.efos-europa.eu\/?attachment_id=1543\" class=\"wp-image-1543\" srcset=\"https:\/\/selid.efos-europa.eu\/wp-content\/uploads\/2021\/12\/Alicante-2021-07-1-1024x768.jpg 1024w, https:\/\/selid.efos-europa.eu\/wp-content\/uploads\/2021\/12\/Alicante-2021-07-1-300x225.jpg 300w, https:\/\/selid.efos-europa.eu\/wp-content\/uploads\/2021\/12\/Alicante-2021-07-1-768x576.jpg 768w, https:\/\/selid.efos-europa.eu\/wp-content\/uploads\/2021\/12\/Alicante-2021-07-1-1536x1152.jpg 1536w, https:\/\/selid.efos-europa.eu\/wp-content\/uploads\/2021\/12\/Alicante-2021-07-1-2048x1536.jpg 2048w\" sizes=\"(max-width: 1024px) 100vw, 1024px\" \/><\/a><figcaption class=\"blocks-gallery-item__caption\"> <\/figcaption><\/figure><\/li><li class=\"blocks-gallery-item\"><figure><a href=\"https:\/\/selid.efos-europa.eu\/wp-content\/uploads\/2021\/12\/Alicante-2021-08-1.jpg\"><img decoding=\"async\" loading=\"lazy\" width=\"1024\" height=\"768\" src=\"https:\/\/selid.efos-europa.eu\/wp-content\/uploads\/2021\/12\/Alicante-2021-08-1-1024x768.jpg\" alt=\"\" data-id=\"1544\" data-full-url=\"https:\/\/selid.efos-europa.eu\/wp-content\/uploads\/2021\/12\/Alicante-2021-08-1.jpg\" data-link=\"https:\/\/selid.efos-europa.eu\/?attachment_id=1544\" class=\"wp-image-1544\" srcset=\"https:\/\/selid.efos-europa.eu\/wp-content\/uploads\/2021\/12\/Alicante-2021-08-1-1024x768.jpg 1024w, https:\/\/selid.efos-europa.eu\/wp-content\/uploads\/2021\/12\/Alicante-2021-08-1-300x225.jpg 300w, https:\/\/selid.efos-europa.eu\/wp-content\/uploads\/2021\/12\/Alicante-2021-08-1-768x576.jpg 768w, https:\/\/selid.efos-europa.eu\/wp-content\/uploads\/2021\/12\/Alicante-2021-08-1-1536x1152.jpg 1536w, https:\/\/selid.efos-europa.eu\/wp-content\/uploads\/2021\/12\/Alicante-2021-08-1-2048x1536.jpg 2048w\" sizes=\"(max-width: 1024px) 100vw, 1024px\" \/><\/a><\/figure><\/li><li class=\"blocks-gallery-item\"><figure><a href=\"https:\/\/selid.efos-europa.eu\/wp-content\/uploads\/2021\/12\/Alicante-2021-24-1.jpg\"><img decoding=\"async\" loading=\"lazy\" width=\"1024\" height=\"768\" src=\"https:\/\/selid.efos-europa.eu\/wp-content\/uploads\/2021\/12\/Alicante-2021-24-1-1024x768.jpg\" alt=\"\" data-id=\"1578\" data-full-url=\"https:\/\/selid.efos-europa.eu\/wp-content\/uploads\/2021\/12\/Alicante-2021-24-1.jpg\" data-link=\"https:\/\/selid.efos-europa.eu\/?attachment_id=1578&amp;lang=de\" class=\"wp-image-1578\" srcset=\"https:\/\/selid.efos-europa.eu\/wp-content\/uploads\/2021\/12\/Alicante-2021-24-1-1024x768.jpg 1024w, https:\/\/selid.efos-europa.eu\/wp-content\/uploads\/2021\/12\/Alicante-2021-24-1-300x225.jpg 300w, https:\/\/selid.efos-europa.eu\/wp-content\/uploads\/2021\/12\/Alicante-2021-24-1-768x576.jpg 768w, https:\/\/selid.efos-europa.eu\/wp-content\/uploads\/2021\/12\/Alicante-2021-24-1-1536x1152.jpg 1536w, https:\/\/selid.efos-europa.eu\/wp-content\/uploads\/2021\/12\/Alicante-2021-24-1-2048x1536.jpg 2048w\" sizes=\"(max-width: 1024px) 100vw, 1024px\" \/><\/a><\/figure><\/li><li class=\"blocks-gallery-item\"><figure><a href=\"https:\/\/selid.efos-europa.eu\/wp-content\/uploads\/2021\/12\/Alicante-2021-09-1.jpg\"><img decoding=\"async\" loading=\"lazy\" width=\"1024\" height=\"768\" src=\"https:\/\/selid.efos-europa.eu\/wp-content\/uploads\/2021\/12\/Alicante-2021-09-1-1024x768.jpg\" alt=\"\" data-id=\"1545\" data-full-url=\"https:\/\/selid.efos-europa.eu\/wp-content\/uploads\/2021\/12\/Alicante-2021-09-1.jpg\" data-link=\"https:\/\/selid.efos-europa.eu\/?attachment_id=1545\" class=\"wp-image-1545\" srcset=\"https:\/\/selid.efos-europa.eu\/wp-content\/uploads\/2021\/12\/Alicante-2021-09-1-1024x768.jpg 1024w, https:\/\/selid.efos-europa.eu\/wp-content\/uploads\/2021\/12\/Alicante-2021-09-1-300x225.jpg 300w, https:\/\/selid.efos-europa.eu\/wp-content\/uploads\/2021\/12\/Alicante-2021-09-1-768x576.jpg 768w, https:\/\/selid.efos-europa.eu\/wp-content\/uploads\/2021\/12\/Alicante-2021-09-1-1536x1152.jpg 1536w, https:\/\/selid.efos-europa.eu\/wp-content\/uploads\/2021\/12\/Alicante-2021-09-1-2048x1536.jpg 2048w\" sizes=\"(max-width: 1024px) 100vw, 1024px\" \/><\/a><figcaption class=\"blocks-gallery-item__caption\"> <\/figcaption><\/figure><\/li><li class=\"blocks-gallery-item\"><figure><a href=\"https:\/\/selid.efos-europa.eu\/wp-content\/uploads\/2021\/12\/Alicante-2021-10-1.jpg\"><img decoding=\"async\" loading=\"lazy\" width=\"1024\" height=\"768\" src=\"https:\/\/selid.efos-europa.eu\/wp-content\/uploads\/2021\/12\/Alicante-2021-10-1-1024x768.jpg\" alt=\"\" data-id=\"1546\" data-full-url=\"https:\/\/selid.efos-europa.eu\/wp-content\/uploads\/2021\/12\/Alicante-2021-10-1.jpg\" data-link=\"https:\/\/selid.efos-europa.eu\/?attachment_id=1546\" class=\"wp-image-1546\" srcset=\"https:\/\/selid.efos-europa.eu\/wp-content\/uploads\/2021\/12\/Alicante-2021-10-1-1024x768.jpg 1024w, https:\/\/selid.efos-europa.eu\/wp-content\/uploads\/2021\/12\/Alicante-2021-10-1-300x225.jpg 300w, https:\/\/selid.efos-europa.eu\/wp-content\/uploads\/2021\/12\/Alicante-2021-10-1-768x576.jpg 768w, https:\/\/selid.efos-europa.eu\/wp-content\/uploads\/2021\/12\/Alicante-2021-10-1-1536x1152.jpg 1536w, https:\/\/selid.efos-europa.eu\/wp-content\/uploads\/2021\/12\/Alicante-2021-10-1-2048x1536.jpg 2048w\" sizes=\"(max-width: 1024px) 100vw, 1024px\" \/><\/a><figcaption class=\"blocks-gallery-item__caption\"> <\/figcaption><\/figure><\/li><li class=\"blocks-gallery-item\"><figure><a href=\"https:\/\/selid.efos-europa.eu\/wp-content\/uploads\/2021\/12\/Alicante-2021-11-1.jpg\"><img decoding=\"async\" loading=\"lazy\" width=\"1024\" height=\"768\" src=\"https:\/\/selid.efos-europa.eu\/wp-content\/uploads\/2021\/12\/Alicante-2021-11-1-1024x768.jpg\" alt=\"\" data-id=\"1547\" data-full-url=\"https:\/\/selid.efos-europa.eu\/wp-content\/uploads\/2021\/12\/Alicante-2021-11-1.jpg\" data-link=\"https:\/\/selid.efos-europa.eu\/?attachment_id=1547\" class=\"wp-image-1547\" srcset=\"https:\/\/selid.efos-europa.eu\/wp-content\/uploads\/2021\/12\/Alicante-2021-11-1-1024x768.jpg 1024w, https:\/\/selid.efos-europa.eu\/wp-content\/uploads\/2021\/12\/Alicante-2021-11-1-300x225.jpg 300w, https:\/\/selid.efos-europa.eu\/wp-content\/uploads\/2021\/12\/Alicante-2021-11-1-768x576.jpg 768w, https:\/\/selid.efos-europa.eu\/wp-content\/uploads\/2021\/12\/Alicante-2021-11-1-1536x1152.jpg 1536w, https:\/\/selid.efos-europa.eu\/wp-content\/uploads\/2021\/12\/Alicante-2021-11-1-2048x1536.jpg 2048w\" sizes=\"(max-width: 1024px) 100vw, 1024px\" \/><\/a><figcaption class=\"blocks-gallery-item__caption\"> <\/figcaption><\/figure><\/li><li class=\"blocks-gallery-item\"><figure><a href=\"https:\/\/selid.efos-europa.eu\/wp-content\/uploads\/2021\/12\/Alicante-2021-20-1.jpg\"><img decoding=\"async\" loading=\"lazy\" width=\"1024\" height=\"768\" src=\"https:\/\/selid.efos-europa.eu\/wp-content\/uploads\/2021\/12\/Alicante-2021-20-1-1024x768.jpg\" alt=\"\" data-id=\"1574\" data-full-url=\"https:\/\/selid.efos-europa.eu\/wp-content\/uploads\/2021\/12\/Alicante-2021-20-1.jpg\" data-link=\"https:\/\/selid.efos-europa.eu\/?attachment_id=1574&amp;lang=de\" class=\"wp-image-1574\" srcset=\"https:\/\/selid.efos-europa.eu\/wp-content\/uploads\/2021\/12\/Alicante-2021-20-1-1024x768.jpg 1024w, https:\/\/selid.efos-europa.eu\/wp-content\/uploads\/2021\/12\/Alicante-2021-20-1-300x225.jpg 300w, https:\/\/selid.efos-europa.eu\/wp-content\/uploads\/2021\/12\/Alicante-2021-20-1-768x576.jpg 768w, https:\/\/selid.efos-europa.eu\/wp-content\/uploads\/2021\/12\/Alicante-2021-20-1-1536x1152.jpg 1536w, https:\/\/selid.efos-europa.eu\/wp-content\/uploads\/2021\/12\/Alicante-2021-20-1-2048x1536.jpg 2048w\" sizes=\"(max-width: 1024px) 100vw, 1024px\" \/><\/a><\/figure><\/li><li class=\"blocks-gallery-item\"><figure><a href=\"https:\/\/selid.efos-europa.eu\/wp-content\/uploads\/2021\/12\/Alicante-2021-21-1.jpg\"><img decoding=\"async\" loading=\"lazy\" width=\"1024\" height=\"768\" src=\"https:\/\/selid.efos-europa.eu\/wp-content\/uploads\/2021\/12\/Alicante-2021-21-1-1024x768.jpg\" alt=\"\" data-id=\"1575\" data-full-url=\"https:\/\/selid.efos-europa.eu\/wp-content\/uploads\/2021\/12\/Alicante-2021-21-1.jpg\" data-link=\"https:\/\/selid.efos-europa.eu\/?attachment_id=1575&amp;lang=de\" class=\"wp-image-1575\" srcset=\"https:\/\/selid.efos-europa.eu\/wp-content\/uploads\/2021\/12\/Alicante-2021-21-1-1024x768.jpg 1024w, https:\/\/selid.efos-europa.eu\/wp-content\/uploads\/2021\/12\/Alicante-2021-21-1-300x225.jpg 300w, https:\/\/selid.efos-europa.eu\/wp-content\/uploads\/2021\/12\/Alicante-2021-21-1-768x576.jpg 768w, https:\/\/selid.efos-europa.eu\/wp-content\/uploads\/2021\/12\/Alicante-2021-21-1-1536x1152.jpg 1536w, https:\/\/selid.efos-europa.eu\/wp-content\/uploads\/2021\/12\/Alicante-2021-21-1-2048x1536.jpg 2048w\" sizes=\"(max-width: 1024px) 100vw, 1024px\" \/><\/a><\/figure><\/li><li class=\"blocks-gallery-item\"><figure><a href=\"https:\/\/selid.efos-europa.eu\/wp-content\/uploads\/2021\/12\/Alicante-2021-22-1.jpg\"><img decoding=\"async\" loading=\"lazy\" width=\"1024\" height=\"768\" src=\"https:\/\/selid.efos-europa.eu\/wp-content\/uploads\/2021\/12\/Alicante-2021-22-1-1024x768.jpg\" alt=\"\" data-id=\"1576\" data-full-url=\"https:\/\/selid.efos-europa.eu\/wp-content\/uploads\/2021\/12\/Alicante-2021-22-1.jpg\" data-link=\"https:\/\/selid.efos-europa.eu\/?attachment_id=1576&amp;lang=de\" class=\"wp-image-1576\" srcset=\"https:\/\/selid.efos-europa.eu\/wp-content\/uploads\/2021\/12\/Alicante-2021-22-1-1024x768.jpg 1024w, https:\/\/selid.efos-europa.eu\/wp-content\/uploads\/2021\/12\/Alicante-2021-22-1-300x225.jpg 300w, https:\/\/selid.efos-europa.eu\/wp-content\/uploads\/2021\/12\/Alicante-2021-22-1-768x576.jpg 768w, https:\/\/selid.efos-europa.eu\/wp-content\/uploads\/2021\/12\/Alicante-2021-22-1-1536x1152.jpg 1536w, https:\/\/selid.efos-europa.eu\/wp-content\/uploads\/2021\/12\/Alicante-2021-22-1-2048x1536.jpg 2048w\" sizes=\"(max-width: 1024px) 100vw, 1024px\" \/><\/a><\/figure><\/li><li class=\"blocks-gallery-item\"><figure><a href=\"https:\/\/selid.efos-europa.eu\/wp-content\/uploads\/2021\/12\/Alicante-2021-23-1.jpg\"><img decoding=\"async\" loading=\"lazy\" width=\"1024\" height=\"768\" src=\"https:\/\/selid.efos-europa.eu\/wp-content\/uploads\/2021\/12\/Alicante-2021-23-1-1024x768.jpg\" alt=\"\" data-id=\"1577\" data-full-url=\"https:\/\/selid.efos-europa.eu\/wp-content\/uploads\/2021\/12\/Alicante-2021-23-1.jpg\" data-link=\"https:\/\/selid.efos-europa.eu\/?attachment_id=1577&amp;lang=de\" class=\"wp-image-1577\" srcset=\"https:\/\/selid.efos-europa.eu\/wp-content\/uploads\/2021\/12\/Alicante-2021-23-1-1024x768.jpg 1024w, https:\/\/selid.efos-europa.eu\/wp-content\/uploads\/2021\/12\/Alicante-2021-23-1-300x225.jpg 300w, https:\/\/selid.efos-europa.eu\/wp-content\/uploads\/2021\/12\/Alicante-2021-23-1-768x576.jpg 768w, https:\/\/selid.efos-europa.eu\/wp-content\/uploads\/2021\/12\/Alicante-2021-23-1-1536x1152.jpg 1536w, https:\/\/selid.efos-europa.eu\/wp-content\/uploads\/2021\/12\/Alicante-2021-23-1-2048x1536.jpg 2048w\" sizes=\"(max-width: 1024px) 100vw, 1024px\" \/><\/a><\/figure><\/li><li class=\"blocks-gallery-item\"><figure><a href=\"https:\/\/selid.efos-europa.eu\/wp-content\/uploads\/2021\/12\/Alicante-2021-12-1.jpg\"><img decoding=\"async\" loading=\"lazy\" width=\"1024\" height=\"768\" src=\"https:\/\/selid.efos-europa.eu\/wp-content\/uploads\/2021\/12\/Alicante-2021-12-1-1024x768.jpg\" alt=\"\" data-id=\"1548\" data-full-url=\"https:\/\/selid.efos-europa.eu\/wp-content\/uploads\/2021\/12\/Alicante-2021-12-1.jpg\" data-link=\"https:\/\/selid.efos-europa.eu\/?attachment_id=1548\" class=\"wp-image-1548\" srcset=\"https:\/\/selid.efos-europa.eu\/wp-content\/uploads\/2021\/12\/Alicante-2021-12-1-1024x768.jpg 1024w, https:\/\/selid.efos-europa.eu\/wp-content\/uploads\/2021\/12\/Alicante-2021-12-1-300x225.jpg 300w, https:\/\/selid.efos-europa.eu\/wp-content\/uploads\/2021\/12\/Alicante-2021-12-1-768x576.jpg 768w, https:\/\/selid.efos-europa.eu\/wp-content\/uploads\/2021\/12\/Alicante-2021-12-1-1536x1152.jpg 1536w, https:\/\/selid.efos-europa.eu\/wp-content\/uploads\/2021\/12\/Alicante-2021-12-1-2048x1536.jpg 2048w\" sizes=\"(max-width: 1024px) 100vw, 1024px\" \/><\/a><figcaption class=\"blocks-gallery-item__caption\"> <\/figcaption><\/figure><\/li><li class=\"blocks-gallery-item\"><figure><a href=\"https:\/\/selid.efos-europa.eu\/wp-content\/uploads\/2021\/12\/Alicante-2021-27.jpg\"><img decoding=\"async\" loading=\"lazy\" width=\"1008\" height=\"756\" src=\"https:\/\/selid.efos-europa.eu\/wp-content\/uploads\/2021\/12\/Alicante-2021-27.jpg\" alt=\"\" data-id=\"1715\" data-full-url=\"https:\/\/selid.efos-europa.eu\/wp-content\/uploads\/2021\/12\/Alicante-2021-27.jpg\" data-link=\"https:\/\/selid.efos-europa.eu\/?attachment_id=1715&amp;lang=de\" class=\"wp-image-1715\" srcset=\"https:\/\/selid.efos-europa.eu\/wp-content\/uploads\/2021\/12\/Alicante-2021-27.jpg 1008w, https:\/\/selid.efos-europa.eu\/wp-content\/uploads\/2021\/12\/Alicante-2021-27-300x225.jpg 300w, https:\/\/selid.efos-europa.eu\/wp-content\/uploads\/2021\/12\/Alicante-2021-27-768x576.jpg 768w\" sizes=\"(max-width: 1008px) 100vw, 1008px\" \/><\/a><\/figure><\/li><li class=\"blocks-gallery-item\"><figure><a href=\"https:\/\/selid.efos-europa.eu\/wp-content\/uploads\/2021\/12\/Alicante-2021-13-1.jpg\"><img decoding=\"async\" loading=\"lazy\" width=\"1024\" height=\"768\" src=\"https:\/\/selid.efos-europa.eu\/wp-content\/uploads\/2021\/12\/Alicante-2021-13-1-1024x768.jpg\" alt=\"\" data-id=\"1550\" data-full-url=\"https:\/\/selid.efos-europa.eu\/wp-content\/uploads\/2021\/12\/Alicante-2021-13-1.jpg\" data-link=\"https:\/\/selid.efos-europa.eu\/?attachment_id=1550\" class=\"wp-image-1550\" srcset=\"https:\/\/selid.efos-europa.eu\/wp-content\/uploads\/2021\/12\/Alicante-2021-13-1-1024x768.jpg 1024w, https:\/\/selid.efos-europa.eu\/wp-content\/uploads\/2021\/12\/Alicante-2021-13-1-300x225.jpg 300w, https:\/\/selid.efos-europa.eu\/wp-content\/uploads\/2021\/12\/Alicante-2021-13-1-768x576.jpg 768w, https:\/\/selid.efos-europa.eu\/wp-content\/uploads\/2021\/12\/Alicante-2021-13-1-1536x1152.jpg 1536w, https:\/\/selid.efos-europa.eu\/wp-content\/uploads\/2021\/12\/Alicante-2021-13-1-2048x1536.jpg 2048w\" sizes=\"(max-width: 1024px) 100vw, 1024px\" \/><\/a><figcaption class=\"blocks-gallery-item__caption\"> <\/figcaption><\/figure><\/li><li class=\"blocks-gallery-item\"><figure><a href=\"https:\/\/selid.efos-europa.eu\/wp-content\/uploads\/2021\/12\/Alicante-2021-14-1.jpg\"><img decoding=\"async\" loading=\"lazy\" width=\"1024\" height=\"612\" src=\"https:\/\/selid.efos-europa.eu\/wp-content\/uploads\/2021\/12\/Alicante-2021-14-1-1024x612.jpg\" alt=\"\" data-id=\"1551\" data-full-url=\"https:\/\/selid.efos-europa.eu\/wp-content\/uploads\/2021\/12\/Alicante-2021-14-1.jpg\" data-link=\"https:\/\/selid.efos-europa.eu\/?attachment_id=1551\" class=\"wp-image-1551\" srcset=\"https:\/\/selid.efos-europa.eu\/wp-content\/uploads\/2021\/12\/Alicante-2021-14-1-1024x612.jpg 1024w, https:\/\/selid.efos-europa.eu\/wp-content\/uploads\/2021\/12\/Alicante-2021-14-1-300x179.jpg 300w, https:\/\/selid.efos-europa.eu\/wp-content\/uploads\/2021\/12\/Alicante-2021-14-1-768x459.jpg 768w, https:\/\/selid.efos-europa.eu\/wp-content\/uploads\/2021\/12\/Alicante-2021-14-1-1536x918.jpg 1536w, https:\/\/selid.efos-europa.eu\/wp-content\/uploads\/2021\/12\/Alicante-2021-14-1-2048x1225.jpg 2048w, https:\/\/selid.efos-europa.eu\/wp-content\/uploads\/2021\/12\/Alicante-2021-14-1-445x265.jpg 445w\" sizes=\"(max-width: 1024px) 100vw, 1024px\" \/><\/a><\/figure><\/li><li class=\"blocks-gallery-item\"><figure><a href=\"https:\/\/selid.efos-europa.eu\/wp-content\/uploads\/2021\/12\/Alicante-2021-15-1.jpg\"><img decoding=\"async\" loading=\"lazy\" width=\"1024\" height=\"768\" src=\"https:\/\/selid.efos-europa.eu\/wp-content\/uploads\/2021\/12\/Alicante-2021-15-1-1024x768.jpg\" alt=\"\" data-id=\"1552\" data-full-url=\"https:\/\/selid.efos-europa.eu\/wp-content\/uploads\/2021\/12\/Alicante-2021-15-1.jpg\" data-link=\"https:\/\/selid.efos-europa.eu\/?attachment_id=1552\" class=\"wp-image-1552\" srcset=\"https:\/\/selid.efos-europa.eu\/wp-content\/uploads\/2021\/12\/Alicante-2021-15-1-1024x768.jpg 1024w, https:\/\/selid.efos-europa.eu\/wp-content\/uploads\/2021\/12\/Alicante-2021-15-1-300x225.jpg 300w, https:\/\/selid.efos-europa.eu\/wp-content\/uploads\/2021\/12\/Alicante-2021-15-1-768x576.jpg 768w, https:\/\/selid.efos-europa.eu\/wp-content\/uploads\/2021\/12\/Alicante-2021-15-1-1536x1152.jpg 1536w, https:\/\/selid.efos-europa.eu\/wp-content\/uploads\/2021\/12\/Alicante-2021-15-1-2048x1536.jpg 2048w\" sizes=\"(max-width: 1024px) 100vw, 1024px\" \/><\/a><\/figure><\/li><li class=\"blocks-gallery-item\"><figure><a href=\"https:\/\/selid.efos-europa.eu\/wp-content\/uploads\/2021\/12\/Alicante-2021-16-1.jpg\"><img decoding=\"async\" loading=\"lazy\" width=\"1024\" height=\"768\" src=\"https:\/\/selid.efos-europa.eu\/wp-content\/uploads\/2021\/12\/Alicante-2021-16-1-1024x768.jpg\" alt=\"\" data-id=\"1553\" data-full-url=\"https:\/\/selid.efos-europa.eu\/wp-content\/uploads\/2021\/12\/Alicante-2021-16-1.jpg\" data-link=\"https:\/\/selid.efos-europa.eu\/?attachment_id=1553\" class=\"wp-image-1553\" srcset=\"https:\/\/selid.efos-europa.eu\/wp-content\/uploads\/2021\/12\/Alicante-2021-16-1-1024x768.jpg 1024w, https:\/\/selid.efos-europa.eu\/wp-content\/uploads\/2021\/12\/Alicante-2021-16-1-300x225.jpg 300w, https:\/\/selid.efos-europa.eu\/wp-content\/uploads\/2021\/12\/Alicante-2021-16-1-768x576.jpg 768w, https:\/\/selid.efos-europa.eu\/wp-content\/uploads\/2021\/12\/Alicante-2021-16-1-1536x1152.jpg 1536w, https:\/\/selid.efos-europa.eu\/wp-content\/uploads\/2021\/12\/Alicante-2021-16-1.jpg 2048w\" sizes=\"(max-width: 1024px) 100vw, 1024px\" \/><\/a><\/figure><\/li><li class=\"blocks-gallery-item\"><figure><a href=\"https:\/\/selid.efos-europa.eu\/wp-content\/uploads\/2021\/12\/Alicante-2021-26.jpg\"><img decoding=\"async\" loading=\"lazy\" width=\"1008\" height=\"756\" src=\"https:\/\/selid.efos-europa.eu\/wp-content\/uploads\/2021\/12\/Alicante-2021-26.jpg\" alt=\"\" data-id=\"1714\" data-full-url=\"https:\/\/selid.efos-europa.eu\/wp-content\/uploads\/2021\/12\/Alicante-2021-26.jpg\" data-link=\"https:\/\/selid.efos-europa.eu\/?attachment_id=1714&amp;lang=de\" class=\"wp-image-1714\" srcset=\"https:\/\/selid.efos-europa.eu\/wp-content\/uploads\/2021\/12\/Alicante-2021-26.jpg 1008w, https:\/\/selid.efos-europa.eu\/wp-content\/uploads\/2021\/12\/Alicante-2021-26-300x225.jpg 300w, https:\/\/selid.efos-europa.eu\/wp-content\/uploads\/2021\/12\/Alicante-2021-26-768x576.jpg 768w\" sizes=\"(max-width: 1008px) 100vw, 1008px\" \/><\/a><\/figure><\/li><li class=\"blocks-gallery-item\"><figure><a href=\"https:\/\/selid.efos-europa.eu\/wp-content\/uploads\/2021\/12\/Alicante-2021-25.jpg\"><img decoding=\"async\" loading=\"lazy\" width=\"1008\" height=\"756\" src=\"https:\/\/selid.efos-europa.eu\/wp-content\/uploads\/2021\/12\/Alicante-2021-25.jpg\" alt=\"\" data-id=\"1713\" data-full-url=\"https:\/\/selid.efos-europa.eu\/wp-content\/uploads\/2021\/12\/Alicante-2021-25.jpg\" data-link=\"https:\/\/selid.efos-europa.eu\/?attachment_id=1713&amp;lang=de\" class=\"wp-image-1713\" srcset=\"https:\/\/selid.efos-europa.eu\/wp-content\/uploads\/2021\/12\/Alicante-2021-25.jpg 1008w, https:\/\/selid.efos-europa.eu\/wp-content\/uploads\/2021\/12\/Alicante-2021-25-300x225.jpg 300w, https:\/\/selid.efos-europa.eu\/wp-content\/uploads\/2021\/12\/Alicante-2021-25-768x576.jpg 768w\" sizes=\"(max-width: 1008px) 100vw, 1008px\" \/><\/a><\/figure><\/li><\/ul><\/figure>\n\n\n\n<ul><li>&#8220;Seniorstudenten und Technologie in Europ\u00e4ischen Projekten an der&nbsp;UPUA&#8221;<\/li><\/ul>\n\n\n\n<h4>Pr\u00e4sentationen:<\/h4>\n\n\n\n<p><a rel=\"noreferrer noopener\" href=\"https:\/\/selid.efos-europa.eu\/wp-content\/uploads\/2021\/12\/Alicante-2021-Presentation-Bratislava.pdf\" target=\"_blank\">Pr\u00e4sentation Bratislava<\/a><br><a rel=\"noreferrer noopener\" href=\"https:\/\/selid.efos-europa.eu\/wp-content\/uploads\/2021\/12\/Alicante-2021-Presentation-Uppsala-Benny-Eklund.pdf\" target=\"_blank\">Pr\u00e4sentation Uppsala<\/a><br><a rel=\"noreferrer noopener\" href=\"https:\/\/selid.efos-europa.eu\/wp-content\/uploads\/2021\/12\/Alicante-2021-Presentation-Wroclaw-.pdf\" target=\"_blank\">Pr\u00e4sentation Wroclaw<\/a><br><a rel=\"noreferrer noopener\" href=\"https:\/\/selid.efos-europa.eu\/wp-content\/uploads\/2022\/04\/Alicante-2021presentation-Magdeburg.pdf\" target=\"_blank\">Pr\u00e4sentation Magdeburg<\/a><br><a rel=\"noreferrer noopener\" href=\"https:\/\/selid.efos-europa.eu\/wp-content\/uploads\/2022\/04\/Alicante-2021-Gooed-practises-Magdeburg.pdf\" target=\"_blank\">Good practices Magdeburg<\/a><br><a rel=\"noreferrer noopener\" href=\"https:\/\/selid.efos-europa.eu\/wp-content\/uploads\/2022\/04\/Alicante-2021-Presentation-Dresden.pdf\" target=\"_blank\">Good practices Dresden<\/a><br><a rel=\"noreferrer noopener\" href=\"https:\/\/selid.efos-europa.eu\/wp-content\/uploads\/2022\/04\/Alicante-2021-Gerygogy-in-practice-ALICANTE.pdf\" target=\"_blank\">Gerygogy in practice Alicante<\/a><\/p>\n\n\n\n<p><a href=\"https:\/\/selid.efos-europa.eu\/wp-content\/uploads\/2021\/12\/SELID-plans-and-instructions-Hrapkova.pdf\" target=\"_blank\" rel=\"noreferrer noopener\">SeLiD plans and instructions (Nadezda Hrapkova)<\/a><\/p>\n\n\n\n<p><a href=\"https:\/\/selid.efos-europa.eu\/wp-content\/uploads\/2021\/12\/Alicante-route-viewer.pdf\" target=\"_blank\" rel=\"noreferrer noopener\">Routes Viewer<\/a><\/p>\n","protected":false},"excerpt":{"rendered":"<p>Vom 1. &#8211; 4. Dezember trafen sich die Partner in Alicante zu einem Projekttreffen. Wegen versch\u00e4rfter Coronamassnahmen konnten einige Partner nur online teilnehmen. Themen: Deadlines &hellip; <\/p>\n","protected":false},"author":2,"featured_media":0,"parent":0,"menu_order":0,"comment_status":"closed","ping_status":"closed","template":"","meta":[],"_links":{"self":[{"href":"https:\/\/selid.efos-europa.eu\/index.php?rest_route=\/wp\/v2\/pages\/1512"}],"collection":[{"href":"https:\/\/selid.efos-europa.eu\/index.php?rest_route=\/wp\/v2\/pages"}],"about":[{"href":"https:\/\/selid.efos-europa.eu\/index.php?rest_route=\/wp\/v2\/types\/page"}],"author":[{"embeddable":true,"href":"https:\/\/selid.efos-europa.eu\/index.php?rest_route=\/wp\/v2\/users\/2"}],"replies":[{"embeddable":true,"href":"https:\/\/selid.efos-europa.eu\/index.php?rest_route=%2Fwp%2Fv2%2Fcomments&post=1512"}],"version-history":[{"count":25,"href":"https:\/\/selid.efos-europa.eu\/index.php?rest_route=\/wp\/v2\/pages\/1512\/revisions"}],"predecessor-version":[{"id":1944,"href":"https:\/\/selid.efos-europa.eu\/index.php?rest_route=\/wp\/v2\/pages\/1512\/revisions\/1944"}],"wp:attachment":[{"href":"https:\/\/selid.efos-europa.eu\/index.php?rest_route=%2Fwp%2Fv2%2Fmedia&parent=1512"}],"curies":[{"name":"wp","href":"https:\/\/api.w.org\/{rel}","templated":true}]}}