{"id":373,"date":"2020-01-10T16:16:45","date_gmt":"2020-01-10T16:16:45","guid":{"rendered":"https:\/\/selid.efos-europa.eu\/?page_id=373"},"modified":"2022-03-15T12:53:27","modified_gmt":"2022-03-15T12:53:27","slug":"prozess","status":"publish","type":"page","link":"https:\/\/selid.efos-europa.eu\/?page_id=373&lang=de","title":{"rendered":"Der Prozess"},"content":{"rendered":"\n<p class=\"has-large-font-size\"><strong>Projektplanung und Aktivit\u00e4ten <\/strong><\/p>\n\n\n\n<p><em>Das SeLiD- Projekt ist verl\u00e4ngert bis 30. April 2022 wegen der COVID-19 Pandemie<\/em> <\/p>\n\n\n\n<figure class=\"is-layout-flex wp-block-gallery-1 wp-block-gallery columns-3 is-cropped\"><ul class=\"blocks-gallery-grid\"><li class=\"blocks-gallery-item\"><figure><img decoding=\"async\" loading=\"lazy\" width=\"1024\" height=\"591\" src=\"https:\/\/selid.efos-europa.eu\/wp-content\/uploads\/2020\/11\/Online-Meeting-November-4a-1-1024x591.jpg\" alt=\"\" data-id=\"806\" data-full-url=\"https:\/\/selid.efos-europa.eu\/wp-content\/uploads\/2020\/11\/Online-Meeting-November-4a-1.jpg\" data-link=\"https:\/\/selid.efos-europa.eu\/?attachment_id=806\" class=\"wp-image-806\" srcset=\"https:\/\/selid.efos-europa.eu\/wp-content\/uploads\/2020\/11\/Online-Meeting-November-4a-1-1024x591.jpg 1024w, https:\/\/selid.efos-europa.eu\/wp-content\/uploads\/2020\/11\/Online-Meeting-November-4a-1-300x173.jpg 300w, https:\/\/selid.efos-europa.eu\/wp-content\/uploads\/2020\/11\/Online-Meeting-November-4a-1-768x444.jpg 768w, https:\/\/selid.efos-europa.eu\/wp-content\/uploads\/2020\/11\/Online-Meeting-November-4a-1-1536x887.jpg 1536w, https:\/\/selid.efos-europa.eu\/wp-content\/uploads\/2020\/11\/Online-Meeting-November-4a-1.jpg 1650w\" sizes=\"(max-width: 1024px) 100vw, 1024px\" \/><\/figure><\/li><li class=\"blocks-gallery-item\"><figure><img decoding=\"async\" loading=\"lazy\" width=\"1024\" height=\"797\" src=\"https:\/\/selid.efos-europa.eu\/wp-content\/uploads\/2021\/12\/Alicante-2021-hybrid-1-1024x797.jpg\" alt=\"\" data-id=\"1605\" data-full-url=\"https:\/\/selid.efos-europa.eu\/wp-content\/uploads\/2021\/12\/Alicante-2021-hybrid-1.jpg\" data-link=\"https:\/\/selid.efos-europa.eu\/?attachment_id=1605&amp;lang=de\" class=\"wp-image-1605\" srcset=\"https:\/\/selid.efos-europa.eu\/wp-content\/uploads\/2021\/12\/Alicante-2021-hybrid-1-1024x797.jpg 1024w, https:\/\/selid.efos-europa.eu\/wp-content\/uploads\/2021\/12\/Alicante-2021-hybrid-1-300x233.jpg 300w, https:\/\/selid.efos-europa.eu\/wp-content\/uploads\/2021\/12\/Alicante-2021-hybrid-1-768x597.jpg 768w, https:\/\/selid.efos-europa.eu\/wp-content\/uploads\/2021\/12\/Alicante-2021-hybrid-1-1536x1195.jpg 1536w, https:\/\/selid.efos-europa.eu\/wp-content\/uploads\/2021\/12\/Alicante-2021-hybrid-1-2048x1593.jpg 2048w\" sizes=\"(max-width: 1024px) 100vw, 1024px\" \/><\/figure><\/li><li class=\"blocks-gallery-item\"><figure><img decoding=\"async\" loading=\"lazy\" width=\"640\" height=\"480\" src=\"https:\/\/selid.efos-europa.eu\/wp-content\/uploads\/2021\/10\/Dresden-2021-11-1.jpg\" alt=\"\" data-id=\"1413\" data-full-url=\"https:\/\/selid.efos-europa.eu\/wp-content\/uploads\/2021\/10\/Dresden-2021-11-1.jpg\" data-link=\"https:\/\/selid.efos-europa.eu\/?attachment_id=1413\" class=\"wp-image-1413\" srcset=\"https:\/\/selid.efos-europa.eu\/wp-content\/uploads\/2021\/10\/Dresden-2021-11-1.jpg 640w, https:\/\/selid.efos-europa.eu\/wp-content\/uploads\/2021\/10\/Dresden-2021-11-1-300x225.jpg 300w\" sizes=\"(max-width: 640px) 100vw, 640px\" \/><\/figure><\/li><\/ul><\/figure>\n\n\n\n<p class=\"has-medium-font-size\"><strong>Online Tagungen<\/strong><\/p>\n\n\n\n<p><a rel=\"noreferrer noopener\" aria-label=\"6. November 2020 (opens in a new tab)\" href=\"https:\/\/selid.efos-europa.eu\/?page_id=809&amp;lang=de\" target=\"_blank\">6. November 2020<\/a><br><a href=\"https:\/\/selid.efos-europa.eu\/?page_id=911&amp;lang=de\">4. Dezember 2020<\/a> <br><a href=\"https:\/\/selid.efos-europa.eu\/?page_id=1052&amp;lang=de\">18. Februar 2021<\/a><br><a href=\"https:\/\/selid.efos-europa.eu\/?page_id=1486&amp;lang=de\" data-type=\"page\" data-id=\"1486\">29. April 2021<\/a>  <br><a href=\"https:\/\/selid.efos-europa.eu\/?page_id=1229&amp;lang=de\" data-type=\"page\" data-id=\"1229\">23. Juni 2021<\/a><\/p>\n\n\n\n<p><\/p>\n\n\n\n<p class=\"has-medium-font-size\"><strong>Transnationale Tagungen<\/strong><\/p>\n\n\n\n<p><\/p>\n\n\n\n<ol><li><a href=\"https:\/\/selid.efos-europa.eu\/?page_id=622\"><strong>Wroclaw <\/strong>\u2013 24. \u2013 26. Oktober 2019<\/a> &#8211; realisiert<\/li><li><a href=\"https:\/\/selid.efos-europa.eu\/?page_id=1399&amp;lang=de\" data-type=\"page\" data-id=\"1399\"><strong>Dresden<\/strong> \u2013  22.-25. September 2021<\/a>  &#8211; realisiert<\/li><li><a href=\"https:\/\/selid.efos-europa.eu\/?page_id=1512&amp;lang=de\" data-type=\"page\" data-id=\"1512\"><strong>Alicante<\/strong> \u2013  1. &#8211; 4. Dezember 2021<\/a>  &#8211; realisiert <\/li><li><a href=\"https:\/\/selid.efos-europa.eu\/?page_id=1815&amp;lang=de\" data-type=\"page\" data-id=\"1815\"><strong>Magdeburg\u00a0 <\/strong>&#8211; 10. &#8211; 12. M\u00e4rz 2022<\/a>  &#8211; realisiert<\/li><\/ol>\n\n\n\n<p class=\"has-medium-font-size\"><strong>Aktivit\u00e4ten<\/strong><\/p>\n\n\n\n<p><strong>Wroclaw<\/strong> (10\/2019): <br>1. Vorstellung der Partner &#8211; Beschreibung (A1) ihres Hintergrunds; <br>2. Studie \u00fcber IKT-Lernm\u00f6glichkeiten (A2); Kurse zur Entwicklung neuer F\u00e4higkeiten, <br>3. Sammeln von Daten von den beteiligten Institutionen und Zusammenstellung in einer \u00dcbersichtstabelle (A3). <br>4. Gestaltung der Projekt-Website (A4).                   <br>5. Fragebogen \u00fcber die Bed\u00fcrfnisse \u00e4lterer Menschen f\u00fcr ihr t\u00e4gliches Leben in der digitalen Gesellschaft (A7) <br>6. Workshop: &#8220;Was sind neue Technologien im Alltag der Senioren, wie man mit ihnen leben kann&#8221; (A5). Faltblatt, Poster.<\/p>\n\n\n\n<p><strong>Dresden<\/strong> (09\/2021): <br>1. Analysen (A6) der gesammelten Daten f\u00fcr die \u00dcbersichtstabelle. <br>2. Suche nach anderen \u00e4lteren Menschen, die noch nicht in der Lage sind, IKT zu nutzen. <br>3. Workshop: &#8220;Neue Methoden und Programme im IKT-Lernen f\u00fcr \u00e4ltere Menschen&#8221; (A8) <br>4. Vorstellung m\u00f6glicher neuer Methoden durch die Partner, Diskussion. Bew\u00e4hrte Praktiken, die digitale Fertigkeiten erfordern, Schl\u00fcsselmethoden; Verbindungsleute &#8211; \u00e4ltere Studenten in den Gruppen der \u00e4lteren Menschen &#8211; Kontakte in den Gemeinden (A10), <br>5.  Vorl\u00e4ufiger Bericht (A9)<\/p>\n\n\n\n<p><strong>Alicante<\/strong> (12\/2021): <br>1. Abschluss der Untersuchungen, <br>2. Pr\u00e4sentation der Ergebnisse, Erfahrungen, besten Praktiken, <br>3. Erstellung der Brosch\u00fcre (A13). <br>4. Workshop: &#8220;Best Practices f\u00fcr die L\u00f6sung von Problemen in der digitalen Gesellschaft&#8221; (A14) und Internet der Dinge, Social Media und digitale Sicherheit &#8211; Erfahrungen aus Exkursionen, Schulungen und der Nutzung von Home DT werden ausgetauscht. <br>5. Diskussion \u00fcber Innovation im Studien- und Lernprozess &#8211; Austausch von Know-how.<\/p>\n\n\n\n<p><strong>Magdeburg<\/strong> (03\/2022): <br>1. Auswertung der Untersuchungen, Zusammenfassung der Projektergebnisse, <br>2. Ausgabe der Brosch\u00fcre und deren Pr\u00e4sentation, Verbreitung. <br>3. Konferenz: &#8220;Verantwortliche Senioren in der digitalen Beh\u00f6rde und zu Hause&#8221; (A15).   <br>4. Praktischer Besuch von Gemeinden und Kursen f\u00fcr \u00e4ltere Menschen (A16). <br>5. Endg\u00fcltige Kostenanalysen; <br>6. Abschlie\u00dfender Projektbericht wird diskutiert <br>7. Projektverbreitung &#8211; Website, Poster, Brosch\u00fcre, Konferenzen (A17) <br>8. Schlussevaluierung und Nachhaltigkeit, Abschlussbericht.<\/p>\n\n\n\n<p><\/p>\n","protected":false},"excerpt":{"rendered":"<p>Projektplanung und Aktivit\u00e4ten Das SeLiD- Projekt ist verl\u00e4ngert bis 30. April 2022 wegen der COVID-19 Pandemie Online Tagungen 6. November 20204. Dezember 2020 18. Februar &hellip; <\/p>\n","protected":false},"author":2,"featured_media":0,"parent":0,"menu_order":0,"comment_status":"closed","ping_status":"closed","template":"","meta":[],"_links":{"self":[{"href":"https:\/\/selid.efos-europa.eu\/index.php?rest_route=\/wp\/v2\/pages\/373"}],"collection":[{"href":"https:\/\/selid.efos-europa.eu\/index.php?rest_route=\/wp\/v2\/pages"}],"about":[{"href":"https:\/\/selid.efos-europa.eu\/index.php?rest_route=\/wp\/v2\/types\/page"}],"author":[{"embeddable":true,"href":"https:\/\/selid.efos-europa.eu\/index.php?rest_route=\/wp\/v2\/users\/2"}],"replies":[{"embeddable":true,"href":"https:\/\/selid.efos-europa.eu\/index.php?rest_route=%2Fwp%2Fv2%2Fcomments&post=373"}],"version-history":[{"count":36,"href":"https:\/\/selid.efos-europa.eu\/index.php?rest_route=\/wp\/v2\/pages\/373\/revisions"}],"predecessor-version":[{"id":1858,"href":"https:\/\/selid.efos-europa.eu\/index.php?rest_route=\/wp\/v2\/pages\/373\/revisions\/1858"}],"wp:attachment":[{"href":"https:\/\/selid.efos-europa.eu\/index.php?rest_route=%2Fwp%2Fv2%2Fmedia&parent=373"}],"curies":[{"name":"wp","href":"https:\/\/api.w.org\/{rel}","templated":true}]}}